{"id":14822,"date":"2023-07-07T10:57:47","date_gmt":"2023-07-07T07:57:47","guid":{"rendered":"https:\/\/www.terveilm.ee\/leht\/?page_id=14822"},"modified":"2023-07-10T23:15:23","modified_gmt":"2023-07-10T20:15:23","slug":"arengukoostoo-umarlaua-liikmete-edulood","status":"publish","type":"page","link":"https:\/\/www.terveilm.ee\/leht\/arengukoostoo-umarlaua-liikmete-edulood\/","title":{"rendered":"Arengukoost\u00f6\u00f6 \u00dcmarlaua liikmete edulood"},"content":{"rendered":"\n<p><\/p>\n\n\n\n<div class=\"wp-block-query is-layout-flow wp-block-query-is-layout-flow\"><ul class=\"wp-block-post-template is-layout-flow wp-block-post-template-is-layout-flow\"><li class=\"wp-block-post post-15005 post type-post status-publish format-standard has-post-thumbnail hentry category-edulood tag-aku\">\n\n<div class=\"wp-block-columns alignwide is-layout-flex wp-container-core-columns-is-layout-9d6595d7 wp-block-columns-is-layout-flex\">\n<div class=\"wp-block-column is-layout-flow wp-block-column-is-layout-flow\" style=\"flex-basis:50%\"><figure class=\"wp-block-post-featured-image\"><a href=\"https:\/\/www.terveilm.ee\/leht\/blogi\/paguluses-ehitatud-ettevotted\/\" target=\"_self\"  ><img loading=\"lazy\" decoding=\"async\" width=\"1620\" height=\"1620\" src=\"https:\/\/www.terveilm.ee\/leht\/wp-content\/uploads\/2023\/10\/TERVEILM_edulugu_FBIG_6.png\" class=\"attachment-post-thumbnail size-post-thumbnail wp-post-image\" alt=\"Paguluses ehitatud ettev\u00f5tted\" style=\"object-fit:cover;\" srcset=\"https:\/\/www.terveilm.ee\/leht\/wp-content\/uploads\/2023\/10\/TERVEILM_edulugu_FBIG_6.png 1620w, https:\/\/www.terveilm.ee\/leht\/wp-content\/uploads\/2023\/10\/TERVEILM_edulugu_FBIG_6-300x300.png 300w, https:\/\/www.terveilm.ee\/leht\/wp-content\/uploads\/2023\/10\/TERVEILM_edulugu_FBIG_6-1024x1024.png 1024w, https:\/\/www.terveilm.ee\/leht\/wp-content\/uploads\/2023\/10\/TERVEILM_edulugu_FBIG_6-150x150.png 150w, https:\/\/www.terveilm.ee\/leht\/wp-content\/uploads\/2023\/10\/TERVEILM_edulugu_FBIG_6-768x768.png 768w, https:\/\/www.terveilm.ee\/leht\/wp-content\/uploads\/2023\/10\/TERVEILM_edulugu_FBIG_6-1536x1536.png 1536w, https:\/\/www.terveilm.ee\/leht\/wp-content\/uploads\/2023\/10\/TERVEILM_edulugu_FBIG_6-500x500.png 500w, https:\/\/www.terveilm.ee\/leht\/wp-content\/uploads\/2023\/10\/TERVEILM_edulugu_FBIG_6-120x120.png 120w\" sizes=\"auto, (max-width: 1620px) 100vw, 1620px\" \/><\/a><\/figure><\/div>\n\n\n\n<div class=\"wp-block-column is-vertically-aligned-center is-layout-flow wp-block-column-is-layout-flow\" style=\"flex-basis:33.33%\"><h4 class=\"wp-block-post-title\"><a href=\"https:\/\/www.terveilm.ee\/leht\/blogi\/paguluses-ehitatud-ettevotted\/\" target=\"_self\" >Paguluses ehitatud ettev\u00f5tted<\/a><\/h4>\n\n<div class=\"wp-block-post-excerpt\"><p class=\"wp-block-post-excerpt__excerpt\">Iryna, Yulia, Anastasia, Nelli, Inga, Natalia ja sajad teised naised ehitavad paguluses \u00fcles omaettev\u00f5tteid3D printimise stuudio, kus s\u00f5jas j\u00e4seme kaotanud<\/p><p class=\"wp-block-post-excerpt__more-text\"><a class=\"wp-block-post-excerpt__more-link\" href=\"https:\/\/www.terveilm.ee\/leht\/blogi\/paguluses-ehitatud-ettevotted\/\">Loe edasi<\/a><\/p><\/div><\/div>\n<\/div>\n\n<\/li><li class=\"wp-block-post post-14920 post type-post status-publish format-standard has-post-thumbnail hentry category-edulood\">\n\n<div class=\"wp-block-columns alignwide is-layout-flex wp-container-core-columns-is-layout-9d6595d7 wp-block-columns-is-layout-flex\">\n<div class=\"wp-block-column is-layout-flow wp-block-column-is-layout-flow\" style=\"flex-basis:50%\"><figure class=\"wp-block-post-featured-image\"><a href=\"https:\/\/www.terveilm.ee\/leht\/blogi\/soode-taastamine\/\" target=\"_self\"  ><img loading=\"lazy\" decoding=\"async\" width=\"2161\" height=\"2161\" src=\"https:\/\/www.terveilm.ee\/leht\/wp-content\/uploads\/2023\/08\/TERVEILM_edulugu_FBIG_5.png\" class=\"attachment-post-thumbnail size-post-thumbnail wp-post-image\" alt=\"Soode taastamine\" style=\"object-fit:cover;\" srcset=\"https:\/\/www.terveilm.ee\/leht\/wp-content\/uploads\/2023\/08\/TERVEILM_edulugu_FBIG_5.png 2161w, https:\/\/www.terveilm.ee\/leht\/wp-content\/uploads\/2023\/08\/TERVEILM_edulugu_FBIG_5-300x300.png 300w, https:\/\/www.terveilm.ee\/leht\/wp-content\/uploads\/2023\/08\/TERVEILM_edulugu_FBIG_5-1024x1024.png 1024w, https:\/\/www.terveilm.ee\/leht\/wp-content\/uploads\/2023\/08\/TERVEILM_edulugu_FBIG_5-150x150.png 150w, https:\/\/www.terveilm.ee\/leht\/wp-content\/uploads\/2023\/08\/TERVEILM_edulugu_FBIG_5-768x768.png 768w, https:\/\/www.terveilm.ee\/leht\/wp-content\/uploads\/2023\/08\/TERVEILM_edulugu_FBIG_5-1536x1536.png 1536w, https:\/\/www.terveilm.ee\/leht\/wp-content\/uploads\/2023\/08\/TERVEILM_edulugu_FBIG_5-2048x2048.png 2048w, https:\/\/www.terveilm.ee\/leht\/wp-content\/uploads\/2023\/08\/TERVEILM_edulugu_FBIG_5-500x500.png 500w, https:\/\/www.terveilm.ee\/leht\/wp-content\/uploads\/2023\/08\/TERVEILM_edulugu_FBIG_5-120x120.png 120w\" sizes=\"auto, (max-width: 2161px) 100vw, 2161px\" \/><\/a><\/figure><\/div>\n\n\n\n<div class=\"wp-block-column is-vertically-aligned-center is-layout-flow wp-block-column-is-layout-flow\" style=\"flex-basis:33.33%\"><h4 class=\"wp-block-post-title\"><a href=\"https:\/\/www.terveilm.ee\/leht\/blogi\/soode-taastamine\/\" target=\"_self\" >Soode taastamine<\/a><\/h4>\n\n<div class=\"wp-block-post-excerpt\"><p class=\"wp-block-post-excerpt__excerpt\">Eestimaa Looduse Fond on aastak\u00fcmneid loodustalguid korraldanud. N\u00f5nda on vabatahtlike abiga tehtud mitmesuguseid olulisi looduskaitselisi t\u00f6id, mis aitavad kaitsealuseid liike<\/p><p class=\"wp-block-post-excerpt__more-text\"><a class=\"wp-block-post-excerpt__more-link\" href=\"https:\/\/www.terveilm.ee\/leht\/blogi\/soode-taastamine\/\">Loe edasi<\/a><\/p><\/div><\/div>\n<\/div>\n\n<\/li><li class=\"wp-block-post post-14829 post type-post status-publish format-standard has-post-thumbnail hentry category-edulood\">\n\n<div class=\"wp-block-columns alignwide is-layout-flex wp-container-core-columns-is-layout-9d6595d7 wp-block-columns-is-layout-flex\">\n<div class=\"wp-block-column is-layout-flow wp-block-column-is-layout-flow\" style=\"flex-basis:50%\"><figure class=\"wp-block-post-featured-image\"><a href=\"https:\/\/www.terveilm.ee\/leht\/blogi\/kliimakool\/\" target=\"_self\"  ><img loading=\"lazy\" decoding=\"async\" width=\"1620\" height=\"1620\" src=\"https:\/\/www.terveilm.ee\/leht\/wp-content\/uploads\/2023\/07\/TERVEILM_edulugu_FBIG_4-1.png\" class=\"attachment-post-thumbnail size-post-thumbnail wp-post-image\" alt=\"Kliimakool\" style=\"object-fit:cover;\" srcset=\"https:\/\/www.terveilm.ee\/leht\/wp-content\/uploads\/2023\/07\/TERVEILM_edulugu_FBIG_4-1.png 1620w, https:\/\/www.terveilm.ee\/leht\/wp-content\/uploads\/2023\/07\/TERVEILM_edulugu_FBIG_4-1-300x300.png 300w, https:\/\/www.terveilm.ee\/leht\/wp-content\/uploads\/2023\/07\/TERVEILM_edulugu_FBIG_4-1-1024x1024.png 1024w, https:\/\/www.terveilm.ee\/leht\/wp-content\/uploads\/2023\/07\/TERVEILM_edulugu_FBIG_4-1-150x150.png 150w, https:\/\/www.terveilm.ee\/leht\/wp-content\/uploads\/2023\/07\/TERVEILM_edulugu_FBIG_4-1-768x768.png 768w, https:\/\/www.terveilm.ee\/leht\/wp-content\/uploads\/2023\/07\/TERVEILM_edulugu_FBIG_4-1-1536x1536.png 1536w, https:\/\/www.terveilm.ee\/leht\/wp-content\/uploads\/2023\/07\/TERVEILM_edulugu_FBIG_4-1-500x500.png 500w, https:\/\/www.terveilm.ee\/leht\/wp-content\/uploads\/2023\/07\/TERVEILM_edulugu_FBIG_4-1-120x120.png 120w\" sizes=\"auto, (max-width: 1620px) 100vw, 1620px\" \/><\/a><\/figure><\/div>\n\n\n\n<div class=\"wp-block-column is-vertically-aligned-center is-layout-flow wp-block-column-is-layout-flow\" style=\"flex-basis:33.33%\"><h4 class=\"wp-block-post-title\"><a href=\"https:\/\/www.terveilm.ee\/leht\/blogi\/kliimakool\/\" target=\"_self\" >Kliimakool<\/a><\/h4>\n\n<div class=\"wp-block-post-excerpt\"><p class=\"wp-block-post-excerpt__excerpt\">Kliimamuutus on inimkonna \u00fcks suuremaid proovikive, millega hakkama saamiseks on teadlaste s\u00f5nul aega \u00fcha napimalt. See t\u00e4hendab, et tegutseda tuleb<\/p><p class=\"wp-block-post-excerpt__more-text\"><a class=\"wp-block-post-excerpt__more-link\" href=\"https:\/\/www.terveilm.ee\/leht\/blogi\/kliimakool\/\">Loe edasi<\/a><\/p><\/div><\/div>\n<\/div>\n\n<\/li><li class=\"wp-block-post post-14868 post type-post status-publish format-standard has-post-thumbnail hentry category-edulood\">\n\n<div class=\"wp-block-columns alignwide is-layout-flex wp-container-core-columns-is-layout-9d6595d7 wp-block-columns-is-layout-flex\">\n<div class=\"wp-block-column is-layout-flow wp-block-column-is-layout-flow\" style=\"flex-basis:50%\"><figure class=\"wp-block-post-featured-image\"><a href=\"https:\/\/www.terveilm.ee\/leht\/blogi\/doreen-ja-digipadevused\/\" target=\"_self\"  ><img loading=\"lazy\" decoding=\"async\" width=\"1081\" height=\"1081\" src=\"https:\/\/www.terveilm.ee\/leht\/wp-content\/uploads\/2023\/07\/TERVEILM_edulugu_FBIG_1_v2-1.png\" class=\"attachment-post-thumbnail size-post-thumbnail wp-post-image\" alt=\"Doreen ja digip\u00e4devused\" style=\"object-fit:cover;\" srcset=\"https:\/\/www.terveilm.ee\/leht\/wp-content\/uploads\/2023\/07\/TERVEILM_edulugu_FBIG_1_v2-1.png 1081w, https:\/\/www.terveilm.ee\/leht\/wp-content\/uploads\/2023\/07\/TERVEILM_edulugu_FBIG_1_v2-1-300x300.png 300w, https:\/\/www.terveilm.ee\/leht\/wp-content\/uploads\/2023\/07\/TERVEILM_edulugu_FBIG_1_v2-1-1024x1024.png 1024w, https:\/\/www.terveilm.ee\/leht\/wp-content\/uploads\/2023\/07\/TERVEILM_edulugu_FBIG_1_v2-1-150x150.png 150w, https:\/\/www.terveilm.ee\/leht\/wp-content\/uploads\/2023\/07\/TERVEILM_edulugu_FBIG_1_v2-1-768x768.png 768w, https:\/\/www.terveilm.ee\/leht\/wp-content\/uploads\/2023\/07\/TERVEILM_edulugu_FBIG_1_v2-1-500x500.png 500w, https:\/\/www.terveilm.ee\/leht\/wp-content\/uploads\/2023\/07\/TERVEILM_edulugu_FBIG_1_v2-1-120x120.png 120w\" sizes=\"auto, (max-width: 1081px) 100vw, 1081px\" \/><\/a><\/figure><\/div>\n\n\n\n<div class=\"wp-block-column is-vertically-aligned-center is-layout-flow wp-block-column-is-layout-flow\" style=\"flex-basis:33.33%\"><h4 class=\"wp-block-post-title\"><a href=\"https:\/\/www.terveilm.ee\/leht\/blogi\/doreen-ja-digipadevused\/\" target=\"_self\" >Doreen ja digip\u00e4devused<\/a><\/h4>\n\n<div class=\"wp-block-post-excerpt\"><p class=\"wp-block-post-excerpt__excerpt\">2014. aastal p\u00f5genes Doreen L\u00f5una-Sudaanist kodus\u00f5ja eest Ugandasse. Aasta varem alanud konfliktid riigis on t\u00e4naseks n\u00f5udnud tuhandeid inimelusid ning sundinud<\/p><p class=\"wp-block-post-excerpt__more-text\"><a class=\"wp-block-post-excerpt__more-link\" href=\"https:\/\/www.terveilm.ee\/leht\/blogi\/doreen-ja-digipadevused\/\">Loe edasi<\/a><\/p><\/div><\/div>\n<\/div>\n\n<\/li><li class=\"wp-block-post post-14847 post type-post status-publish format-standard has-post-thumbnail hentry category-edulood tag-aku\">\n\n<div class=\"wp-block-columns alignwide is-layout-flex wp-container-core-columns-is-layout-9d6595d7 wp-block-columns-is-layout-flex\">\n<div class=\"wp-block-column is-layout-flow wp-block-column-is-layout-flow\" style=\"flex-basis:50%\"><figure class=\"wp-block-post-featured-image\"><a href=\"https:\/\/www.terveilm.ee\/leht\/blogi\/miks-meile-soomeugrilased\/\" target=\"_self\"  ><img loading=\"lazy\" decoding=\"async\" width=\"2161\" height=\"2161\" src=\"https:\/\/www.terveilm.ee\/leht\/wp-content\/uploads\/2023\/07\/TERVEILM_edulugu_FBIG_3-2.png\" class=\"attachment-post-thumbnail size-post-thumbnail wp-post-image\" alt=\"Miks meile on olulised me vennasrahvad?\" style=\"object-fit:cover;\" srcset=\"https:\/\/www.terveilm.ee\/leht\/wp-content\/uploads\/2023\/07\/TERVEILM_edulugu_FBIG_3-2.png 2161w, https:\/\/www.terveilm.ee\/leht\/wp-content\/uploads\/2023\/07\/TERVEILM_edulugu_FBIG_3-2-300x300.png 300w, https:\/\/www.terveilm.ee\/leht\/wp-content\/uploads\/2023\/07\/TERVEILM_edulugu_FBIG_3-2-1024x1024.png 1024w, https:\/\/www.terveilm.ee\/leht\/wp-content\/uploads\/2023\/07\/TERVEILM_edulugu_FBIG_3-2-150x150.png 150w, https:\/\/www.terveilm.ee\/leht\/wp-content\/uploads\/2023\/07\/TERVEILM_edulugu_FBIG_3-2-768x768.png 768w, https:\/\/www.terveilm.ee\/leht\/wp-content\/uploads\/2023\/07\/TERVEILM_edulugu_FBIG_3-2-1536x1536.png 1536w, https:\/\/www.terveilm.ee\/leht\/wp-content\/uploads\/2023\/07\/TERVEILM_edulugu_FBIG_3-2-2048x2048.png 2048w, https:\/\/www.terveilm.ee\/leht\/wp-content\/uploads\/2023\/07\/TERVEILM_edulugu_FBIG_3-2-500x500.png 500w, https:\/\/www.terveilm.ee\/leht\/wp-content\/uploads\/2023\/07\/TERVEILM_edulugu_FBIG_3-2-120x120.png 120w\" sizes=\"auto, (max-width: 2161px) 100vw, 2161px\" \/><\/a><\/figure><\/div>\n\n\n\n<div class=\"wp-block-column is-vertically-aligned-center is-layout-flow wp-block-column-is-layout-flow\" style=\"flex-basis:33.33%\"><h4 class=\"wp-block-post-title\"><a href=\"https:\/\/www.terveilm.ee\/leht\/blogi\/miks-meile-soomeugrilased\/\" target=\"_self\" >Miks meile on olulised me vennasrahvad?<\/a><\/h4>\n\n<div class=\"wp-block-post-excerpt\"><p class=\"wp-block-post-excerpt__excerpt\">Soome-ugri rahvastega tehtava koost\u00f6\u00f6 eest hoolitseab peamiselt Fenno-Ugria. See koost\u00f6\u00f6 on meile t\u00e4htis oma rahvusliku identiteedi hoidmise ja arendamise p\u00e4rast.<\/p><p class=\"wp-block-post-excerpt__more-text\"><a class=\"wp-block-post-excerpt__more-link\" href=\"https:\/\/www.terveilm.ee\/leht\/blogi\/miks-meile-soomeugrilased\/\">Loe edasi<\/a><\/p><\/div><\/div>\n<\/div>\n\n<\/li><li class=\"wp-block-post post-14839 post type-post status-publish format-standard has-post-thumbnail hentry category-edulood\">\n\n<div class=\"wp-block-columns alignwide is-layout-flex wp-container-core-columns-is-layout-9d6595d7 wp-block-columns-is-layout-flex\">\n<div class=\"wp-block-column is-layout-flow wp-block-column-is-layout-flow\" style=\"flex-basis:50%\"><figure class=\"wp-block-post-featured-image\"><a href=\"https:\/\/www.terveilm.ee\/leht\/blogi\/daniel-ja-digioskused\/\" target=\"_self\"  ><img loading=\"lazy\" decoding=\"async\" width=\"1081\" height=\"1081\" src=\"https:\/\/www.terveilm.ee\/leht\/wp-content\/uploads\/2023\/07\/TERVEILM_edulugu_FBIG_2_v2.png\" class=\"attachment-post-thumbnail size-post-thumbnail wp-post-image\" alt=\"Daniel ja digioskused\" style=\"object-fit:cover;\" srcset=\"https:\/\/www.terveilm.ee\/leht\/wp-content\/uploads\/2023\/07\/TERVEILM_edulugu_FBIG_2_v2.png 1081w, https:\/\/www.terveilm.ee\/leht\/wp-content\/uploads\/2023\/07\/TERVEILM_edulugu_FBIG_2_v2-300x300.png 300w, https:\/\/www.terveilm.ee\/leht\/wp-content\/uploads\/2023\/07\/TERVEILM_edulugu_FBIG_2_v2-1024x1024.png 1024w, https:\/\/www.terveilm.ee\/leht\/wp-content\/uploads\/2023\/07\/TERVEILM_edulugu_FBIG_2_v2-150x150.png 150w, https:\/\/www.terveilm.ee\/leht\/wp-content\/uploads\/2023\/07\/TERVEILM_edulugu_FBIG_2_v2-768x768.png 768w, https:\/\/www.terveilm.ee\/leht\/wp-content\/uploads\/2023\/07\/TERVEILM_edulugu_FBIG_2_v2-500x500.png 500w, https:\/\/www.terveilm.ee\/leht\/wp-content\/uploads\/2023\/07\/TERVEILM_edulugu_FBIG_2_v2-120x120.png 120w\" sizes=\"auto, (max-width: 1081px) 100vw, 1081px\" \/><\/a><\/figure><\/div>\n\n\n\n<div class=\"wp-block-column is-vertically-aligned-center is-layout-flow wp-block-column-is-layout-flow\" style=\"flex-basis:33.33%\"><h4 class=\"wp-block-post-title\"><a href=\"https:\/\/www.terveilm.ee\/leht\/blogi\/daniel-ja-digioskused\/\" target=\"_self\" >Daniel ja digioskused<\/a><\/h4>\n\n<div class=\"wp-block-post-excerpt\"><p class=\"wp-block-post-excerpt__excerpt\">Eelmisel aastal l\u00e4bis Daniel Mondo digip\u00e4devuste koolituse ning tahab n\u00fc\u00fcd saadud teadmisi ka oma kogukonnas edasi jagada ning digip\u00e4devuste koolitajaks<\/p><p class=\"wp-block-post-excerpt__more-text\"><a class=\"wp-block-post-excerpt__more-link\" href=\"https:\/\/www.terveilm.ee\/leht\/blogi\/daniel-ja-digioskused\/\">Loe edasi<\/a><\/p><\/div><\/div>\n<\/div>\n\n<\/li><\/ul><\/div>\n","protected":false},"excerpt":{"rendered":"","protected":false},"author":26,"featured_media":0,"parent":0,"menu_order":0,"comment_status":"closed","ping_status":"closed","template":"","meta":{"_acf_changed":false,"footnotes":""},"categories":[],"class_list":["post-14822","page","type-page","status-publish","hentry"],"acf":[],"_links":{"self":[{"href":"https:\/\/www.terveilm.ee\/leht\/wp-json\/wp\/v2\/pages\/14822","targetHints":{"allow":["GET"]}}],"collection":[{"href":"https:\/\/www.terveilm.ee\/leht\/wp-json\/wp\/v2\/pages"}],"about":[{"href":"https:\/\/www.terveilm.ee\/leht\/wp-json\/wp\/v2\/types\/page"}],"author":[{"embeddable":true,"href":"https:\/\/www.terveilm.ee\/leht\/wp-json\/wp\/v2\/users\/26"}],"replies":[{"embeddable":true,"href":"https:\/\/www.terveilm.ee\/leht\/wp-json\/wp\/v2\/comments?post=14822"}],"version-history":[{"count":5,"href":"https:\/\/www.terveilm.ee\/leht\/wp-json\/wp\/v2\/pages\/14822\/revisions"}],"predecessor-version":[{"id":14878,"href":"https:\/\/www.terveilm.ee\/leht\/wp-json\/wp\/v2\/pages\/14822\/revisions\/14878"}],"wp:attachment":[{"href":"https:\/\/www.terveilm.ee\/leht\/wp-json\/wp\/v2\/media?parent=14822"}],"wp:term":[{"taxonomy":"category","embeddable":true,"href":"https:\/\/www.terveilm.ee\/leht\/wp-json\/wp\/v2\/categories?post=14822"}],"curies":[{"name":"wp","href":"https:\/\/api.w.org\/{rel}","templated":true}]}}