{"id":5932,"date":"2015-09-30T11:02:51","date_gmt":"2015-09-30T11:02:51","guid":{"rendered":"http:\/\/www.terveilm.ee\/?page_id=5932"},"modified":"2015-09-30T11:02:51","modified_gmt":"2015-09-30T11:02:51","slug":"teavitustoo-hea-tava","status":"publish","type":"page","link":"https:\/\/www.terveilm.ee\/leht\/teabekeskuse-teemad\/arengukoostoo\/maailmaharidus\/teavitustoo-hea-tava\/","title":{"rendered":"Teavitust\u00f6\u00f6 hea tava"},"content":{"rendered":"<p>Arengukoost\u00f6\u00f6 teavitustegevuse hea tava loob raamistiku, millest organisatsioonid saavad l\u00e4htuda oma kommunikatsiooni strateegiate kujundamisel ja elluviimisel.<\/p>\n<p>\u00dchest k\u00fcljest teame, et palju arengukoost\u00f6\u00f6d ja vaesust puudutavat infot on esitatud sensatsiooniliselt ning eba\u00f5iglaste aspektidele keskendudes. Paljud meieni j\u00f5udvad kuvandid \u00e4\u00e4rmises vaesuses elavatest inimestest ja humanitaarkatastroofidest on negatiivsed ning seda ei saa ignoreerida. Tegelikult on see vastuolus hea tava p\u00f5him\u00f5tetega, mille eesm\u00e4rk on esitada inimeste elu t\u00f5etruult ning suhtuda kaastunde ja lugupidamisega nende inimv\u00e4\u00e4rikusse.<\/p>\n<p>Arengukoost\u00f6\u00f6 organisatsioonide teavitustegevuses kasututavad s\u00f5numid ja visuaalid peavad esitama tervikpilti nii siseriiklikust kui ka v\u00e4lisriikidelt saadavast abist ning koost\u00f6\u00f6suhetest, mis kujunevad kohalike ja v\u00e4lisriikide kodaniku\u00fchenduste vahel.\u00a0Heas tavas s\u00f5nastatud inimv\u00e4\u00e4rikuse, austuse ja olukorra t\u00f5ese kujutamise p\u00f5him\u00f5tted peavad olema igasuguse teavitustegevuse p\u00f5hialus.<\/p>\n<p>Hea tava peaksid oma tegevuste aluseks v\u00f5tma k\u00f5ik organisatsioonid, kes jagavad infot arengukoost\u00f6\u00f6st. Nii aitame kaasa sellele, et globaalsed probleemid p\u00fcsivad avalikkuse t\u00e4helepanu all ning viime teemak\u00e4sitluse kaugemale \u00fcksikutest tsitaatidest v\u00f5i fotodest ja anname paremini edasi anda neid v\u00e4\u00e4rtusi, millele hea tava toetub.<\/p>\n<p><strong>Piltide ja s\u00f5numite vailimisel l\u00e4htume j\u00e4rgmistest p\u00f5him\u00f5tetest:<\/strong><\/p>\n<ul>\n<li>lugupidav suhtumine kujutatavate isikute inimv\u00e4\u00e4rikusse;<\/li>\n<li>veendumus, et k\u00f5ikidel inimestel on v\u00f5rdsed \u00f5igused;<\/li>\n<li>t\u00f5ese, solidaarse ja \u00f5iglase kajastamise edendamine.<\/li>\n<\/ul>\n<p><strong>Tuginedes loetletud p\u00f5him\u00f5tetele p\u00fc\u00fcame t\u00f5ese info edastamiseks igal v\u00f5imalikul juhul:<\/strong><\/p>\n<ul>\n<li>valida pilte ja s\u00f5numeid, mis p\u00f5hinevad v\u00f5rdsusel, solidaarsusel ja \u00f5iglusel;<\/li>\n<li>esitada olukorda t\u00f5ep\u00e4raselt nii kitsamas kui ka laiemas kontektis, et parandada avalikkuse arusaamist keerukatest arenguteemadest;<\/li>\n<li>v\u00e4ltida inimeste, olukordade v\u00f5i kohtade esitamist stereot\u00fc\u00fcpselt, sensatsiooniliselt v\u00f5i diskrimineerivalt;<\/li>\n<li>tagada aineks oleva isiku (v\u00f5i tema vanemate\/hooldajate) n\u00f5usolek ja teadlik osalus;<\/li>\n<li>anda inimestele v\u00f5imalus oma lugu ise r\u00e4\u00e4kida;<\/li>\n<li>k\u00fcsida ja vajadusel salvestada kirjalikult, kas k\u00f5nealused isikud soovivad oma nime avaldada v\u00f5i j\u00e4\u00e4da anon\u00fc\u00fcmseks ning alati v\u00f5tta nende soove arvesse;<\/li>\n<li>l\u00e4htuda inim\u00f5iguste ja haavatavate elanikkonnagruppide kaitse k\u00f5rgeimatest standarditest;<\/li>\n<li>j\u00e4rgida laste \u00f5iguste konventsiooni k\u00f5ikidest standarditest, sest lapsi kujutatakse k\u00f5ige sagedamini.<\/li>\n<\/ul>\n<p><em>Hea tava \u201c<a href=\"http:\/\/www.concordeurope.org\/115-code-of-conduct-on-images-and-messages\" target=\"_blank\">Code of Conduct on Images and Messages<\/a>\u201d on kinnitatud Euroopa arengukoost\u00f6\u00f6 kodaniku\u00fchenduste v\u00f5rgustiku CONCORD \u00fcldkogu poolt juunis 2007. Head tava toetab ning j\u00e4rgib ka Eesti \u00fchenduste v\u00f5rgustik Arengukoost\u00f6\u00f6 \u00dcmarlaud.<\/em><\/p>\n","protected":false},"excerpt":{"rendered":"<p>Arengukoost\u00f6\u00f6 teavitustegevuse hea tava loob raamistiku, millest organisatsioonid saavad l\u00e4htuda oma kommunikatsiooni strateegiate kujundamisel ja elluviimisel. \u00dchest k\u00fcljest teame, et&#8230;<\/p>\n","protected":false},"author":6,"featured_media":0,"parent":5926,"menu_order":0,"comment_status":"closed","ping_status":"closed","template":"","meta":{"_acf_changed":false,"footnotes":""},"categories":[],"class_list":["post-5932","page","type-page","status-publish","hentry"],"acf":[],"_links":{"self":[{"href":"https:\/\/www.terveilm.ee\/leht\/wp-json\/wp\/v2\/pages\/5932","targetHints":{"allow":["GET"]}}],"collection":[{"href":"https:\/\/www.terveilm.ee\/leht\/wp-json\/wp\/v2\/pages"}],"about":[{"href":"https:\/\/www.terveilm.ee\/leht\/wp-json\/wp\/v2\/types\/page"}],"author":[{"embeddable":true,"href":"https:\/\/www.terveilm.ee\/leht\/wp-json\/wp\/v2\/users\/6"}],"replies":[{"embeddable":true,"href":"https:\/\/www.terveilm.ee\/leht\/wp-json\/wp\/v2\/comments?post=5932"}],"version-history":[{"count":1,"href":"https:\/\/www.terveilm.ee\/leht\/wp-json\/wp\/v2\/pages\/5932\/revisions"}],"predecessor-version":[{"id":5933,"href":"https:\/\/www.terveilm.ee\/leht\/wp-json\/wp\/v2\/pages\/5932\/revisions\/5933"}],"up":[{"embeddable":true,"href":"https:\/\/www.terveilm.ee\/leht\/wp-json\/wp\/v2\/pages\/5926"}],"wp:attachment":[{"href":"https:\/\/www.terveilm.ee\/leht\/wp-json\/wp\/v2\/media?parent=5932"}],"wp:term":[{"taxonomy":"category","embeddable":true,"href":"https:\/\/www.terveilm.ee\/leht\/wp-json\/wp\/v2\/categories?post=5932"}],"curies":[{"name":"wp","href":"https:\/\/api.w.org\/{rel}","templated":true}]}}