{"id":8647,"date":"2018-01-10T20:11:36","date_gmt":"2018-01-10T18:11:36","guid":{"rendered":"http:\/\/www.terveilm.ee\/leht\/?page_id=8647"},"modified":"2021-02-15T11:14:57","modified_gmt":"2021-02-15T09:14:57","slug":"kestliku-arengu-koalitsioon","status":"publish","type":"page","link":"https:\/\/www.terveilm.ee\/leht\/kestliku-arengu-koalitsioon\/","title":{"rendered":"Kestliku Arengu Koalitsioon"},"content":{"rendered":"<p><strong>Koalitsioon kestliku arengu heaks koondab Eesti ettev\u00f5tteid, vaba\u00fchendusi ja riigiasutusi, kes tegutsevad maailma kestliku arengu eesm\u00e4rkide raames ja\/v\u00f5i nimel. Koalitsiooni eesm\u00e4rgiks on saada koost\u00f6\u00f6- ja infoplatvormiks, mille raames saaks iga liige aidata kaasa kestlikuma maailma loomisele just talle sobival moel. <\/strong><\/p>\n<p><span style=\"font-weight: 400;\">Koalitsiooni eesm\u00e4rgid:<\/span><\/p>\n<ul>\n<li><span style=\"font-weight: 400;\"> &nbsp;&nbsp;t\u00f5sta iseendi ja avalikkuse teadlikkust maailma kestlikust arengust,<\/span><\/li>\n<li><span style=\"font-weight: 400;\">&nbsp; anda sisendit poliitikate kujundamisse,<\/span><\/li>\n<li><span style=\"font-weight: 400;\"> &nbsp;&nbsp;panustada arenguseiresse,<\/span><\/li>\n<li><span style=\"font-weight: 400;\"> &nbsp;&nbsp;t\u00f5hustada omavahelist koost\u00f6\u00f6d.<\/span><\/li>\n<\/ul>\n<p>Loe ka \u00fchist hea tahte&nbsp;<a href=\"https:\/\/docs.google.com\/document\/d\/1qn7GFBf1a9JuyCIHkd59OmFaIWUdQa7oz80HVNKyZdo\/edit?usp=sharing\">memorandumit<\/a> ning tutvu koalitsiooni <a href=\"https:\/\/docs.google.com\/document\/d\/1gfd60JqOhdZoJv2QpOm0YswTK69uqc1qbUtBhNCnwrA\/edit?usp=sharing\"><em>onepageriga<\/em><\/a>.<\/p>\n<div id=\"attachment_9388\" style=\"width: 582px\" class=\"wp-caption alignleft\"><a href=\"http:\/\/www.terveilm.ee\/leht\/wp-content\/uploads\/2018\/04\/P1010818-1.jpg\"><img loading=\"lazy\" decoding=\"async\" aria-describedby=\"caption-attachment-9388\" class=\"wp-image-9388 \" src=\"http:\/\/www.terveilm.ee\/leht\/wp-content\/uploads\/2018\/04\/P1010818-1-1024x683.jpg\" alt=\"\" width=\"572\" height=\"382\" srcset=\"https:\/\/www.terveilm.ee\/leht\/wp-content\/uploads\/2018\/04\/P1010818-1-1024x683.jpg 1024w, https:\/\/www.terveilm.ee\/leht\/wp-content\/uploads\/2018\/04\/P1010818-1-300x200.jpg 300w, https:\/\/www.terveilm.ee\/leht\/wp-content\/uploads\/2018\/04\/P1010818-1-768x512.jpg 768w\" sizes=\"auto, (max-width: 572px) 100vw, 572px\" \/><\/a><p id=\"caption-attachment-9388\" class=\"wp-caption-text\">Kestliku arengu koalitsiooni asutamiskoosolekul 13.04.2018.<\/p><\/div>\n<p><span style=\"color: #ffffff;\"><em>x<\/em><\/span><\/p>\n<p><span style=\"color: #000000;\"><em>Koalitsiooni Kestliku Arengu Heaks tegevust rahastatatakse l\u00e4bi maailmakodanikuhariduse projekti <a href=\"http:\/\/www.bridge47.org\">Bridge 47 &#8211; building Global Citizenship <\/a>ja V\u00e4lisministeeriumi arengu- ja humanitaarabi vahenditest.<\/em><\/span><\/p>\n<p><img loading=\"lazy\" decoding=\"async\" class=\"aligncenter wp-image-10530\" src=\"http:\/\/www.terveilm.ee\/leht\/wp-content\/uploads\/2019\/02\/b47-v\u00e4ike-300x168.png\" alt=\"\" width=\"127\" height=\"71\" srcset=\"https:\/\/www.terveilm.ee\/leht\/wp-content\/uploads\/2019\/02\/b47-v\u00e4ike-300x168.png 300w, https:\/\/www.terveilm.ee\/leht\/wp-content\/uploads\/2019\/02\/b47-v\u00e4ike-768x430.png 768w, https:\/\/www.terveilm.ee\/leht\/wp-content\/uploads\/2019\/02\/b47-v\u00e4ike.png 876w\" sizes=\"auto, (max-width: 127px) 100vw, 127px\" \/><img loading=\"lazy\" decoding=\"async\" class=\"aligncenter wp-image-10531\" src=\"http:\/\/www.terveilm.ee\/leht\/wp-content\/uploads\/2019\/02\/co_funded-eu-300x82.png\" alt=\"\" width=\"172\" height=\"47\" srcset=\"https:\/\/www.terveilm.ee\/leht\/wp-content\/uploads\/2019\/02\/co_funded-eu-300x82.png 300w, https:\/\/www.terveilm.ee\/leht\/wp-content\/uploads\/2019\/02\/co_funded-eu.png 430w\" sizes=\"auto, (max-width: 172px) 100vw, 172px\" \/><\/p>\n<p><a href=\"https:\/\/www.terveilm.ee\/leht\/wp-content\/uploads\/2021\/01\/EAK-600x200px-arengukoostoo.png\"><img loading=\"lazy\" decoding=\"async\" class=\" wp-image-12132 aligncenter\" src=\"https:\/\/www.terveilm.ee\/leht\/wp-content\/uploads\/2021\/01\/EAK-600x200px-arengukoostoo-300x100.png\" alt=\"\" width=\"228\" height=\"76\" srcset=\"https:\/\/www.terveilm.ee\/leht\/wp-content\/uploads\/2021\/01\/EAK-600x200px-arengukoostoo-300x100.png 300w, https:\/\/www.terveilm.ee\/leht\/wp-content\/uploads\/2021\/01\/EAK-600x200px-arengukoostoo.png 600w\" sizes=\"auto, (max-width: 228px) 100vw, 228px\" \/><\/a><\/p>\n\n\n<p><\/p>\n","protected":false},"excerpt":{"rendered":"<p>Koalitsioon kestliku arengu heaks koondab Eesti ettev\u00f5tteid, vaba\u00fchendusi ja riigiasutusi, kes tegutsevad maailma kestliku arengu eesm\u00e4rkide raames ja\/v\u00f5i nimel. Koalitsiooni&#8230;<\/p>\n","protected":false},"author":17,"featured_media":7183,"parent":0,"menu_order":0,"comment_status":"closed","ping_status":"closed","template":"template-coal.php","meta":{"_acf_changed":false,"footnotes":""},"categories":[],"class_list":["post-8647","page","type-page","status-publish","has-post-thumbnail","hentry"],"acf":[],"_links":{"self":[{"href":"https:\/\/www.terveilm.ee\/leht\/wp-json\/wp\/v2\/pages\/8647","targetHints":{"allow":["GET"]}}],"collection":[{"href":"https:\/\/www.terveilm.ee\/leht\/wp-json\/wp\/v2\/pages"}],"about":[{"href":"https:\/\/www.terveilm.ee\/leht\/wp-json\/wp\/v2\/types\/page"}],"author":[{"embeddable":true,"href":"https:\/\/www.terveilm.ee\/leht\/wp-json\/wp\/v2\/users\/17"}],"replies":[{"embeddable":true,"href":"https:\/\/www.terveilm.ee\/leht\/wp-json\/wp\/v2\/comments?post=8647"}],"version-history":[{"count":5,"href":"https:\/\/www.terveilm.ee\/leht\/wp-json\/wp\/v2\/pages\/8647\/revisions"}],"predecessor-version":[{"id":12528,"href":"https:\/\/www.terveilm.ee\/leht\/wp-json\/wp\/v2\/pages\/8647\/revisions\/12528"}],"wp:featuredmedia":[{"embeddable":true,"href":"https:\/\/www.terveilm.ee\/leht\/wp-json\/wp\/v2\/media\/7183"}],"wp:attachment":[{"href":"https:\/\/www.terveilm.ee\/leht\/wp-json\/wp\/v2\/media?parent=8647"}],"wp:term":[{"taxonomy":"category","embeddable":true,"href":"https:\/\/www.terveilm.ee\/leht\/wp-json\/wp\/v2\/categories?post=8647"}],"curies":[{"name":"wp","href":"https:\/\/api.w.org\/{rel}","templated":true}]}}