{"id":9914,"date":"2018-10-22T11:37:42","date_gmt":"2018-10-22T08:37:42","guid":{"rendered":"http:\/\/www.terveilm.ee\/leht\/?page_id=9914"},"modified":"2022-02-22T10:57:12","modified_gmt":"2022-02-22T08:57:12","slug":"koalitsiooni-infomaterjalid","status":"publish","type":"page","link":"https:\/\/www.terveilm.ee\/leht\/koalitsiooni-infomaterjalid\/","title":{"rendered":"Koalitsiooni infomaterjalid"},"content":{"rendered":"\n<p><\/p>\n\n\n<a href=\"https:\/\/www.terveilm.ee\/leht\/wp-content\/uploads\/2020\/08\/KESTLIK_ARENG_WEB.pdf\" class=\"pdfemb-viewer\" style=\"\" data-width=\"max\" data-height=\"max\" data-toolbar=\"bottom\" data-toolbar-fixed=\"off\">KESTLIK_ARENG_WEB<\/a>\n<p class=\"wp-block-pdfemb-pdf-embedder-viewer\"><\/p>\n\n\n\n<hr class=\"wp-block-separator\"\/>\n\n\n\n<p>Kestliku Arengu Koalitsioon koondab Eesti ettev\u00f5tteid, vaba\u00fchendusi ja riigiasutusi, kes tegutsevad maailma\u00a0<a rel=\"noreferrer noopener\" href=\"https:\/\/www.terveilm.ee\/leht\/teabekeskuse-teemad\/kestliku-arengu-eesmargid\/\" target=\"_blank\">kestliku arengu eesm\u00e4rkide saavutamiseks<\/a>. Lisainfot leiab \u00fchisest hea tahte <a href=\"https:\/\/docs.google.com\/document\/d\/1qn7GFBf1a9JuyCIHkd59OmFaIWUdQa7oz80HVNKyZdo\/edit?usp=sharing\">memorandumist<\/a>\u00a0ning koalitsiooni <a href=\"https:\/\/docs.google.com\/document\/d\/1gfd60JqOhdZoJv2QpOm0YswTK69uqc1qbUtBhNCnwrA\/edit?usp=sharing\">tutvustusest<\/a>. <\/p>\n\n\n\n<p>Milliste kestliku arengu eesm\u00e4rkidega t\u00e4psemalt koalitsiooni liikmed tegelevad ning kuidas, saate teada allolevast videoseeriast.<\/p>\n\n\n\n<p><strong>Tallinna \u00dclikool<\/strong><\/p>\n\n\n\n<figure><iframe loading=\"lazy\" width=\"560\" height=\"315\" src=\"https:\/\/www.youtube.com\/embed\/7bqFLLFozck\" allowfullscreen=\"\"><\/iframe><\/figure>\n\n\n\n<p>Loe t\u00e4psemalt: <a href=\"https:\/\/www.terveilm.ee\/leht\/blogi\/kestliku-arengu-koalitsiooni-video-tallinna-ulikool\/\">https:\/\/www.terveilm.ee\/leht\/blogi\/kestliku-arengu-koalitsiooni-video-tallinna-ulikool\/<\/a><br><\/p>\n\n\n\n<p><strong>Telia<\/strong><\/p>\n\n\n\n<figure><iframe loading=\"lazy\" width=\"560\" height=\"315\" src=\"https:\/\/www.youtube.com\/embed\/po-ghHkLw-A\" allowfullscreen=\"\"><\/iframe><\/figure>\n\n\n\n<p>Loe t\u00e4psemalt: <a href=\"https:\/\/www.terveilm.ee\/leht\/blogi\/kestliku-arengu-koalitsiooni-liikmete-video-telia\/\">https:\/\/www.terveilm.ee\/leht\/blogi\/kestliku-arengu-koalitsiooni-liikmete-video-telia\/<\/a><\/p>\n\n\n\n<p><strong>Reet Aus<\/strong><\/p>\n\n\n\n<figure><iframe loading=\"lazy\" width=\"560\" height=\"315\" src=\"https:\/\/www.youtube.com\/embed\/6Rw96GunB78\" allowfullscreen=\"\"><\/iframe><\/figure>\n\n\n\n<p>Loe t\u00e4psemalt: <a href=\"https:\/\/www.terveilm.ee\/leht\/blogi\/kestliku-arengu-koalitsiooni-liikmete-video-reet-aus\/\">https:\/\/www.terveilm.ee\/leht\/blogi\/kestliku-arengu-koalitsiooni-liikmete-video-reet-aus\/<\/a><\/p>\n\n\n\n<p><strong>MT\u00dc Mondo<\/strong><\/p>\n\n\n\n<figure><iframe loading=\"lazy\" width=\"560\" height=\"315\" src=\"https:\/\/www.youtube.com\/embed\/X2rOZB51dD8\" allowfullscreen=\"\"><\/iframe><\/figure>\n\n\n\n<p>Loe t\u00e4psemalt: <a href=\"https:\/\/www.terveilm.ee\/leht\/blogi\/kestliku-arengu-koalitsiooni-liikmete-video-mtu-mondo\/\">https:\/\/www.terveilm.ee\/leht\/blogi\/kestliku-arengu-koalitsiooni-liikmete-video-mtu-mondo\/<\/a><\/p>\n\n\n\n<p><strong>Tallinna Lennujaam<\/strong><\/p>\n\n\n\n<figure><iframe loading=\"lazy\" width=\"560\" height=\"315\" src=\"https:\/\/www.youtube.com\/embed\/nXqSgxMvHtk\" allowfullscreen=\"\"><\/iframe><\/figure>\n\n\n\n<p>Loe t\u00e4psemalt: <a href=\"https:\/\/www.terveilm.ee\/leht\/blogi\/kestliku-arengu-koalitsiooni-liikmete-video-tallinna-lennujaam\/\">https:\/\/www.terveilm.ee\/leht\/blogi\/kestliku-arengu-koalitsiooni-liikmete-video-tallinna-lennujaam\/<\/a><\/p>\n\n\n\n<hr class=\"wp-block-separator\"\/>\n\n\n\n<p>T\u0161ehhi PwC koolituse &#8220;Kestliku arengu eesm\u00e4rkide integreerimine organisatsiooni&#8221; infomaterjal<\/p>\n\n\n\n<div class=\"wp-block-file\"><a id=\"wp-block-file--media-04dd018b-dde4-4505-bb2d-27b473616049\" href=\"https:\/\/www.terveilm.ee\/leht\/wp-content\/uploads\/2020\/10\/PwC-koolituse-infomaterjal.pdf\">PwC koolituse infomaterjal<\/a><a href=\"https:\/\/www.terveilm.ee\/leht\/wp-content\/uploads\/2020\/10\/PwC-koolituse-infomaterjal.pdf\" class=\"wp-block-file__button\" download aria-describedby=\"wp-block-file--media-04dd018b-dde4-4505-bb2d-27b473616049\">Laadi alla<\/a><\/div>\n\n\n\n<p>Bridge 47 projekti poolt l\u00e4bi viidud edukate partnersuhete koolituse &#8220;Eesm\u00e4rgip\u00e4rane partnerlus: uute sektorite kaasamine maailmakodanikuhariduse abil&#8221; koondatud materjalid<\/p>\n\n\n\n<div class=\"wp-block-file\"><a id=\"wp-block-file--media-104c04d7-d14d-4e79-a1e8-e39ea357eca7\" href=\"https:\/\/www.terveilm.ee\/leht\/wp-content\/uploads\/2021\/01\/Eesma\u0308rgipa\u0308rane-partnerlus_-B47-koolituse-materjal-1.pdf\">Bridge 47 koolituse infomaterjal<\/a><a href=\"https:\/\/www.terveilm.ee\/leht\/wp-content\/uploads\/2021\/01\/Eesma\u0308rgipa\u0308rane-partnerlus_-B47-koolituse-materjal-1.pdf\" class=\"wp-block-file__button\" download aria-describedby=\"wp-block-file--media-104c04d7-d14d-4e79-a1e8-e39ea357eca7\">Laadi alla<\/a><\/div>\n\n\n\n<p>S\u00e4\u00e4stva arengu eesm\u00e4rkide elluviimise kohta Eestis saab p\u00f5hjalikumalt lugeda Riigikantselei koostatud \u00fclevaatest:<\/p>\n\n\n<a href=\"https:\/\/www.terveilm.ee\/leht\/wp-content\/uploads\/2020\/08\/ulevaade_uro_tegevuskava_2030_elluviimisest_eestis_juuni2020.pdf\" class=\"pdfemb-viewer\" style=\"\" data-width=\"max\" data-height=\"max\" data-toolbar=\"bottom\" data-toolbar-fixed=\"off\">ulevaade_uro_tegevuskava_2030_elluviimisest_eestis_juuni2020<\/a>\n<p class=\"wp-block-pdfemb-pdf-embedder-viewer\"><\/p>\n\n\n<p><em><strong>Koalitsioon kestliku arengu heaks koondab Eesti ettev\u00f5tteid, vaba\u00fchendusi ja riigiasutusi, kes tegutsevad maailma kestliku arengu eesm\u00e4rkide raames ja\/v\u00f5i nimel. Koalitsiooni eesm\u00e4rgiks on saada koost\u00f6\u00f6- ja infoplatvormiks, mille raames saaks iga liige aidata kaasa kestlikuma maailma loomisele just talle sobival moel.<\/strong><\/em><\/p>\n<p><img loading=\"lazy\" decoding=\"async\" class=\"aligncenter size-medium wp-image-9841\" src=\"https:\/\/www.terveilm.ee\/leht\/wp-content\/uploads\/2018\/10\/KKAH_logoraamat_RGB-01-300x212.jpg\" sizes=\"auto, (max-width: 300px) 100vw, 300px\" srcset=\"https:\/\/www.terveilm.ee\/leht\/wp-content\/uploads\/2018\/10\/KKAH_logoraamat_RGB-01-300x212.jpg 300w, https:\/\/www.terveilm.ee\/leht\/wp-content\/uploads\/2018\/10\/KKAH_logoraamat_RGB-01-768x543.jpg 768w, https:\/\/www.terveilm.ee\/leht\/wp-content\/uploads\/2018\/10\/KKAH_logoraamat_RGB-01-1024x724.jpg 1024w\" alt=\"\" width=\"300\" height=\"212\"><\/p>","protected":false},"excerpt":{"rendered":"<p>Kestliku Arengu Koalitsioon koondab Eesti ettev\u00f5tteid, vaba\u00fchendusi ja riigiasutusi, kes tegutsevad maailma\u00a0kestliku arengu eesm\u00e4rkide saavutamiseks. Lisainfot leiab \u00fchisest hea tahte&#8230;<\/p>\n","protected":false},"author":32,"featured_media":0,"parent":0,"menu_order":0,"comment_status":"closed","ping_status":"closed","template":"template-coal.php","meta":{"_acf_changed":false,"footnotes":""},"categories":[],"class_list":["post-9914","page","type-page","status-publish","hentry"],"acf":[],"_links":{"self":[{"href":"https:\/\/www.terveilm.ee\/leht\/wp-json\/wp\/v2\/pages\/9914","targetHints":{"allow":["GET"]}}],"collection":[{"href":"https:\/\/www.terveilm.ee\/leht\/wp-json\/wp\/v2\/pages"}],"about":[{"href":"https:\/\/www.terveilm.ee\/leht\/wp-json\/wp\/v2\/types\/page"}],"author":[{"embeddable":true,"href":"https:\/\/www.terveilm.ee\/leht\/wp-json\/wp\/v2\/users\/32"}],"replies":[{"embeddable":true,"href":"https:\/\/www.terveilm.ee\/leht\/wp-json\/wp\/v2\/comments?post=9914"}],"version-history":[{"count":5,"href":"https:\/\/www.terveilm.ee\/leht\/wp-json\/wp\/v2\/pages\/9914\/revisions"}],"predecessor-version":[{"id":13940,"href":"https:\/\/www.terveilm.ee\/leht\/wp-json\/wp\/v2\/pages\/9914\/revisions\/13940"}],"wp:attachment":[{"href":"https:\/\/www.terveilm.ee\/leht\/wp-json\/wp\/v2\/media?parent=9914"}],"wp:term":[{"taxonomy":"category","embeddable":true,"href":"https:\/\/www.terveilm.ee\/leht\/wp-json\/wp\/v2\/categories?post=9914"}],"curies":[{"name":"wp","href":"https:\/\/api.w.org\/{rel}","templated":true}]}}